{"id":60,"date":"2021-09-16T10:48:11","date_gmt":"2021-09-16T10:48:11","guid":{"rendered":"http:\/\/neurodanza.beta.pointblankbeta.gr\/?page_id=60"},"modified":"2023-11-08T10:31:58","modified_gmt":"2023-11-08T10:31:58","slug":"ti-einai-i-neurodanza","status":"publish","type":"page","link":"https:\/\/neurodanza.com\/es\/neurodanza\/ti-einai-i-neurodanza\/","title":{"rendered":"Qu\u00e9 es Neurodanza\u00a9"},"content":{"rendered":"<div class=\"wpb-content-wrapper\"><div class=\"vc_row wpb_row vc_row-fluid top_spacer padding_top_1-2 padding_bottom_none\"><div class=\"wpb_column vc_column_container vc_col-sm-12\"><div class=\"vc_column-inner\"><div class=\"wpb_wrapper\"><\/div><\/div><\/div><\/div><div class=\"vc_row wpb_row vc_row-fluid top-section-composition\"><div class=\"top-section-composition-text column_fadeinup_first wpb_column vc_column_container vc_col-sm-12 vc_col-md-7\"><div class=\"vc_column-inner\"><div class=\"wpb_wrapper\"><div class=\"heading_group_sc wpb_content_element text-left hgs_1\">\n\n      \n\n    <h1>Qu\u00e9 es Neurodanza\u00a9<\/h1>\n\n\n        \n   \n     \n\n<\/div>\n\t<div class=\"wpb_text_column wpb_content_element top-section-composition-text-desc\" >\n\t\t<div class=\"wpb_wrapper\">\n\t\t\t<p>La metodolog\u00eda de <strong>Neurodanza<\/strong> \u00a9 ofrece una transformaci\u00f3n y evoluci\u00f3n personal de forma s\u00fatil y duradera. Es a trav\u00e9s del movimiento, la m\u00fasica y la atenci\u00f3n plena que liberamos gradualmente las limitaciones f\u00edsicas, mentales y emocionales que nos impiden vivir en paz, con \u00e9xito y alegr\u00eda.<\/p>\n\n\t\t<\/div>\n\t<\/div>\n<\/div><\/div><\/div><div class=\"wpb_column vc_column_container vc_col-sm-5\"><div class=\"vc_column-inner\"><div class=\"wpb_wrapper\"><\/div><\/div><\/div><div class=\"top-section-composition-photo wpb_column vc_column_container vc_col-sm-12\"><div class=\"vc_column-inner\"><div class=\"wpb_wrapper\">\n\t<div  class=\"wpb_single_image wpb_content_element vc_align_right wpb_content_element  drawer_animation\">\n\t\t\n\t\t<figure class=\"wpb_wrapper vc_figure\">\n\t\t\t<div class=\"vc_single_image-wrapper   vc_box_border_grey\"><img loading=\"lazy\" decoding=\"async\" width=\"840\" height=\"816\" src=\"https:\/\/neurodanza.com\/wp-content\/uploads\/2022\/01\/fascia-cielo-small.jpg\" class=\"vc_single_image-img attachment-full\" alt=\"\" title=\"fascia-cielo-small\" srcset=\"https:\/\/neurodanza.com\/wp-content\/uploads\/2022\/01\/fascia-cielo-small.jpg 840w, https:\/\/neurodanza.com\/wp-content\/uploads\/2022\/01\/fascia-cielo-small-300x291.jpg 300w, https:\/\/neurodanza.com\/wp-content\/uploads\/2022\/01\/fascia-cielo-small-768x746.jpg 768w\" sizes=\"auto, (max-width: 840px) 100vw, 840px\" \/><\/div>\n\t\t<\/figure>\n\t<\/div>\n<\/div><\/div><\/div><\/div><div class=\"vc_row wpb_row vc_row-fluid section_fadeinup padding_top_none padding_bottom_none\"><div class=\"wpb_column vc_column_container vc_col-sm-12 vc_col-md-offset-1 vc_col-md-10\"><div class=\"vc_column-inner\"><div class=\"wpb_wrapper\"><div class=\"heading_group_sc wpb_content_element text-center hgs_1\">\n\n      \n\n    <h2>Aqu\u00ed llega la Neurodanza<sup>\u00a9<\/sup><\/h2>\n\n\n        \n   \n     \n\n<\/div><\/div><\/div><\/div><div class=\"wpb_column vc_column_container vc_col-sm-12 vc_col-lg-offset-2 vc_col-lg-8 vc_col-md-offset-1 vc_col-md-10\"><div class=\"vc_column-inner\"><div class=\"wpb_wrapper\"><div class=\"vc_row wpb_row vc_inner vc_row-fluid\"><div class=\"wpb_column vc_column_container vc_col-sm-6\"><div class=\"vc_column-inner\"><div class=\"wpb_wrapper\">\n\t<div class=\"wpb_text_column wpb_content_element\" >\n\t\t<div class=\"wpb_wrapper\">\n\t\t\t<p>Lo que somos o no somos y lo que podemos o no podemos hacer se manifiesta en nuestro cuerpo y nuesta forma de relacionarnos. En <strong>Neurodanza<\/strong>\u00a9 utilizamos el <strong>cuerpo<\/strong> para liberar estructuras de pensamientos y creencias que nos restan vitalidad, bienestar y plenitud. Mediante una <strong>metodolog\u00eda basada en la Neurociencia, y con sesiones adaptadas a las necesidades de cada cursante,<\/strong> cada participante transforma estructuras de pensamientos y refuerza su din\u00e1mica \u00fanica.<\/p>\n\n\t\t<\/div>\n\t<\/div>\n<\/div><\/div><\/div><div class=\"wpb_column vc_column_container vc_col-sm-6\"><div class=\"vc_column-inner\"><div class=\"wpb_wrapper\">\n\t<div class=\"wpb_text_column wpb_content_element\" >\n\t\t<div class=\"wpb_wrapper\">\n\t\t\t<p>La <strong>Neurodanza<\/strong>\u00a9 ofrece condiciones para conseguir un cambio con resultados en muchos casos m\u00e1s r\u00e1pidos y hasta m\u00e1s eficaces que diversos otros enfoques en el campo de la psicolog\u00eda y del desarrollo personal. El sistema de empoderamiento mental y emocional de Neurodanza\u00a9 puede mejorar \u00e1reas de la vida como las relaciones \u00edntimas, el trabajo, las finanzas, la salud, la amistad, la familia, la gesti\u00f3n del tiempo libre y la autorrealizaci\u00f3n.<\/p>\n<p><strong>As\u00ed, la persona puede ser aceptada por lo que realmente denomina su ser y no solo por lo que hace. El objetivo final es de recuperar el equilibrio f\u00edsico, mental y emocional y lograr transformar las \u00e1reas de la vida con satisfacci\u00f3n y alegr\u00eda.<\/strong><\/p>\n\n\t\t<\/div>\n\t<\/div>\n<\/div><\/div><\/div><\/div><\/div><\/div><\/div><\/div><div class=\"vc_row wpb_row vc_row-fluid mid_spacer_2_ padding_top_1-4 padding_bottom_1-4\"><div class=\"wpb_column vc_column_container vc_col-sm-12\"><div class=\"vc_column-inner\"><div class=\"wpb_wrapper\"><div class=\"pl_fixed_ratio_media   wpb_content_element\">\n\n\n\n        <div class=\"video_iframe stretchy_wrapper ratio_2-1\">\n          <iframe loading=\"lazy\" width=\"960\" height=\"540\" src=\"https:\/\/www.youtube.com\/embed\/Nn7WLOSoD_4?feature=oembed\"><\/iframe>\n        <\/div>\n\n\n<\/div><\/div><\/div><\/div><\/div><div class=\"vc_row wpb_row vc_row-fluid section_fadeinup vc_row-o-content-bottom vc_row-flex padding_top_none padding_bottom_none\"><div class=\"col-lg-push-4 col-md-push-4 centralize-title wpb_column vc_column_container vc_col-sm-12 vc_col-md-8\"><div class=\"vc_column-inner\"><div class=\"wpb_wrapper\"><div class=\"heading_group_sc wpb_content_element text-left hgs_1\">\n\n      \n\n    <h2>Una propuesta comleta de desarrollo personal<\/h2>\n\n\n        \n   \n     \n\n<\/div><\/div><\/div><\/div><div class=\"col-lg-pull-8 col-md-pull-8 wpb_column vc_column_container vc_col-sm-10 vc_col-md-4\"><div class=\"vc_column-inner\"><div class=\"wpb_wrapper\">\n\t<div class=\"wpb_text_column wpb_content_element vc_custom_1645434013527\" >\n\t\t<div class=\"wpb_wrapper\">\n\t\t\t<p>La <strong>Neurodanza<\/strong>\u00a9 utiliza t\u00e9cnicas de Coaching, terapia Gestalt y Mindfulness, as\u00ed como una amplia gama de corrientes que provienen de la psicolog\u00eda y del desarrollo personal, al tiempo que incorpora movimiento, mente, emoci\u00f3n y conciencia de una manera \u00fanica. La capacidad de comunicaci\u00f3n, la creatividad, la resiliencia al estr\u00e9s, la valent\u00eda, el manejo de la frustraci\u00f3n y el miedo son solo algunas de las caracter\u00edsticas que son fortalecidas, a la vez que se consigue mejorar la capacidad de gestionar el cambio.<\/p>\n<h1>\u00bfEst\u00e1s listo para mejorar t\u00fa calidad de vida para siempre?<\/h1>\n\n\t\t<\/div>\n\t<\/div>\n<\/div><\/div><\/div><div class=\"columh_fadeinup wpb_column vc_column_container vc_col-sm-12\"><div class=\"vc_column-inner\"><div class=\"wpb_wrapper\"><div style=\"height: 96px\">\n<\/div><div class=\"plethora_button wpb_content_element   text-center\">\n\n    <a href=\"http:\/\/neurodanza.com\/es\/programmata\/\" class=\"btn-lg btn btn-inv btn-light\" title=\"Cursos\"  target=\"_self\" >\n\n        \n        \u00a1ELIGA EL CURSO QUE M\u00c1S LE INTERESE!\n        \n\n    <\/a>\n\n<\/div><\/div><\/div><\/div><\/div><div class=\"vc_row wpb_row vc_row-fluid section_fadeinup padding_top_none\"><div class=\"wpb_column vc_column_container vc_col-sm-12 vc_col-lg-offset-2 vc_col-lg-8 vc_col-md-offset-1 vc_col-md-10\"><div class=\"vc_column-inner\"><div class=\"wpb_wrapper\"><div class=\"heading_group_sc wpb_content_element text-center hgs_2  vc_custom_1699439516799\">\n\n      \n\n    <h2>Testimonios<\/h2>\n\n\n        \n   \n     \n\n<\/div><div class=\"ple_anypostloop_shortcode wpb_content_element\"><div id=\"slider_6534df06a9f3c\" class=\"slider_wrapper slider_testimonial_classic clearfix\">    \n\n        <div class=\"testimonial_listed grid_item col-xs-12\">\n\n                <div class=\"testimonial_listed_wrapper clearfix text-center\">        \n\n\n                        <div class=\"testimonial_listed_text_wrapper\">\n                                <div class=\"testimonial_listed_editorcontent\">Probablemente haya sido la experiencia m\u00e1s satisfactoria que he tenido hasta ahora. ND combina los m\u00e9todos de autoconciencia Gestalt y Mindfulness por medio de la expresi\u00f3n libre del cuerpo. Llegas a experimentar la relaci\u00f3n plena y consciente que existe entre el cuerpo y la mente.<\/div>\n                                <h3>\u0399\u03c9\u03ac\u03bd\u03bd\u03b1, 47<\/h3>\n                                \n                                <div class=\"the_author\">\n                                        <span class=\"author_role\">C\u00edrculo anual de Neurodanza<\/span>\n                                <\/div>\n\n                        <\/div>                 \n                <\/div>                \n        <\/div>\n        <div class=\"testimonial_listed grid_item col-xs-12\">\n\n                <div class=\"testimonial_listed_wrapper clearfix text-center\">        \n\n\n                        <div class=\"testimonial_listed_text_wrapper\">\n                                <div class=\"testimonial_listed_editorcontent\">Hice contacto con la alegr\u00eda, la emoci\u00f3n, la audacia, la libertad, la fuerza interior, la valent\u00eda, la exploraci\u00f3n, la observaci\u00f3n, el estado de alerta, la atenci\u00f3n y la concentraci\u00f3n, la atemporalidad, la vitalidad, la imaginaci\u00f3n... la VIDA.<\/div>\n                                <h3>\u03a7\u03c1\u03cd\u03c3\u03b1, 37<\/h3>\n                                \n                                <div class=\"the_author\">\n                                        <span class=\"author_role\">C\u00edrculo anual de Neurodanza<\/span>\n                                <\/div>\n\n                        <\/div>                 \n                <\/div>                \n        <\/div>\n        <div class=\"testimonial_listed grid_item col-xs-12\">\n\n                <div class=\"testimonial_listed_wrapper clearfix text-center\">        \n\n\n                        <div class=\"testimonial_listed_text_wrapper\">\n                                <div class=\"testimonial_listed_editorcontent\">Recomiendo la Neurodanza a quienes aman la m\u00fasica, el ritmo, el movimiento, la evoluci\u00f3n, la belleza y por medio de ello descubrir a trav\u00e9s de los dem\u00e1s y con los dem\u00e1s a nosotros mismos y nuestras infinitas posibilidades y potenciales.<\/div>\n                                <h3>\u039c\u03ac\u03b3\u03b4\u03b1, 37<\/h3>\n                                \n                                <div class=\"the_author\">\n                                        <span class=\"author_role\">C\u00edrculo anual de Neurodanza<\/span>\n                                <\/div>\n\n                        <\/div>                 \n                <\/div>                \n        <\/div>\n        <div class=\"testimonial_listed grid_item col-xs-12\">\n\n                <div class=\"testimonial_listed_wrapper clearfix text-center\">        \n\n\n                        <div class=\"testimonial_listed_text_wrapper\">\n                                <div class=\"testimonial_listed_editorcontent\">Es impresionante la conexi\u00f3n emocional con el grupo, la atm\u00f3sfera amistosa y los lazos de confianza que se crean. Esto tiene que ver claramente con las circunstancias creadas por la misma coordinadora.<\/div>\n                                <h3>\u0388\u03c1\u03b7, 37<\/h3>\n                                \n                                <div class=\"the_author\">\n                                        <span class=\"author_role\">C\u00edrculo anual de Neurodanza<\/span>\n                                <\/div>\n\n                        <\/div>                 \n                <\/div>                \n        <\/div>\n        <div class=\"testimonial_listed grid_item col-xs-12\">\n\n                <div class=\"testimonial_listed_wrapper clearfix text-center\">        \n\n\n                        <div class=\"testimonial_listed_text_wrapper\">\n                                <div class=\"testimonial_listed_editorcontent\">Fue una experiencia interior muy poderosa. Me llev\u00f3 a una profunda conexi\u00f3n con mi ni\u00f1a interior.\nAhora la entiendo mejor, puedo verme desde su propio punto de vista. Me ha ofrecido vivenciar  todas estas din\u00e1micas que el humano tiene innatas y que en alg\u00fan momento del camino se encapuchan.\nSe necesita consciencia y esfuerzo para conectar con ellas, recordarlas y energetizarlas.<\/div>\n                                <h3>\u03a7\u03c1\u03cd\u03c3\u03b1, 37<\/h3>\n                                \n                                <div class=\"the_author\">\n                                        <span class=\"author_role\">C\u00edrculo anual de Neurodanza<\/span>\n                                <\/div>\n\n                        <\/div>                 \n                <\/div>                \n        <\/div>\n        <div class=\"testimonial_listed grid_item col-xs-12\">\n\n                <div class=\"testimonial_listed_wrapper clearfix text-center\">        \n\n\n                        <div class=\"testimonial_listed_text_wrapper\">\n                                <div class=\"testimonial_listed_editorcontent\">De mi experiencia con la Neurodanza s\u00f3lo puedo expresarme con comentarios positivos. Mi cuerpo encontr\u00f3 nuevas formas de expresarse y mi mente nueva informaci\u00f3n que procesar para poder cambiar la calidad de mi vida hacia mejor. Conect\u00e9 con otras personas de una manera especial y me llen\u00e9 de nuevas im\u00e1genes, pensamientos y sentimientos.<\/div>\n                                <h3>\u0395\u03bb\u03ad\u03bd\u03b7, 43<\/h3>\n                                \n                                <div class=\"the_author\">\n                                        <span class=\"author_role\">C\u00edrculo anual de Neurodanza<\/span>\n                                <\/div>\n\n                        <\/div>                 \n                <\/div>                \n        <\/div>\n        <div class=\"testimonial_listed grid_item col-xs-12\">\n\n                <div class=\"testimonial_listed_wrapper clearfix text-center\">        \n\n\n                        <div class=\"testimonial_listed_text_wrapper\">\n                                <div class=\"testimonial_listed_editorcontent\">Noto desde que comenc\u00e9 una notable reducci\u00f3n del estr\u00e9s y un aumento de la plasticidad corporal. Reducci\u00f3n de la sensaci\u00f3n de peso en la espalda y tensi\u00f3n en los hombros y viveza mental. Respondo positivamente a acontecimientos que antes me perturbaban y puedo dejarme fluir.<\/div>\n                                <h3>\u03a0\u03b7\u03bd\u03b5\u03bb\u03cc\u03c0\u03b7, 36<\/h3>\n                                \n                                <div class=\"the_author\">\n                                        <span class=\"author_role\">C\u00edrculo anual de Neurodanza<\/span>\n                                <\/div>\n\n                        <\/div>                 \n                <\/div>                \n        <\/div>\n        <div class=\"testimonial_listed grid_item col-xs-12\">\n\n                <div class=\"testimonial_listed_wrapper clearfix text-center\">        \n\n\n                        <div class=\"testimonial_listed_text_wrapper\">\n                                <div class=\"testimonial_listed_editorcontent\">Una experiencia muy positiva. No s\u00e9 c\u00f3mo sucedi\u00f3, pero sent\u00ed que era posible vivir en energ\u00eda y con tranquilidad despu\u00e9s de cada sesi\u00f3n y que segu\u00eda perdurando en el tiempo.<\/div>\n                                <h3>\u0394\u03b7\u03bc\u03ae\u03c4\u03c1\u03b7\u03c2, 43<\/h3>\n                                \n                                <div class=\"the_author\">\n                                        <span class=\"author_role\">C\u00edrculo anual de Neurodanza<\/span>\n                                <\/div>\n\n                        <\/div>                 \n                <\/div>                \n        <\/div>\n        <div class=\"testimonial_listed grid_item col-xs-12\">\n\n                <div class=\"testimonial_listed_wrapper clearfix text-center\">        \n\n\n                        <div class=\"testimonial_listed_text_wrapper\">\n                                <div class=\"testimonial_listed_editorcontent\">Mar\u00eda es muy solidaria, tiene muchos conocimientos, siente amor y nos lo ofrece, es excelente. Estoy agradecida de haberla conocido y haberme unido a los ciclos de Neurodanza. \nRecomendar\u00eda a todos aquellos que se interesen por el autoconocimiento y el desarrollo personal que asistan al curso de Neurodanza Online porque sientes que no est\u00e1s solo, te descubres y te fortaleces.<\/div>\n                                <h3>\u039c\u03b1\u03c1\u03af\u03b1, 54<\/h3>\n                                \n                                <div class=\"the_author\">\n                                        <span class=\"author_role\">C\u00edrculo anual de Neurodanza <\/span>\n                                <\/div>\n\n                        <\/div>                 \n                <\/div>                \n        <\/div>\n        <div class=\"testimonial_listed grid_item col-xs-12\">\n\n                <div class=\"testimonial_listed_wrapper clearfix text-center\">        \n\n\n                        <div class=\"testimonial_listed_text_wrapper\">\n                                <div class=\"testimonial_listed_editorcontent\">La primera palabra que me viene a la mente despu\u00e9s de mi experiencia con la neurodanza es \"liberaci\u00f3n\". El despertar del cuerpo con un aumento gradual de la movilidad, muy bien metodizado por la maestra.\nOfrece paz mental y una conexi\u00f3n entre cuerpo y esp\u00edritu. \nEs una experiencia muy agradable y prometedora ya que despierta la capacidad de percepci\u00f3n y el participante adquiere conciencia sobre los registros f\u00edsicos y mentales que lleva consigo y que son herramientas de la sobrevivencia humana.<\/div>\n                                <h3>\u0391\u03bd\u03b8\u03ae, 47<\/h3>\n                                \n                                <div class=\"the_author\">\n                                        <span class=\"author_role\">C\u00edrculo anual de Neurodanza<\/span>\n                                <\/div>\n\n                        <\/div>                 \n                <\/div>                \n        <\/div>\n        <div class=\"testimonial_listed grid_item col-xs-12\">\n\n                <div class=\"testimonial_listed_wrapper clearfix text-center\">        \n\n\n                        <div class=\"testimonial_listed_text_wrapper\">\n                                <div class=\"testimonial_listed_editorcontent\">Mar\u00eda es excelente, solidaria, paciente con todos nosotros y especialmente tiene un don en rol de \"partera\", literalmente nos ayud\u00f3 a que nacieran sentimientos, comprensiones y caminos en las cuestiones que deseamos hacer cambios. \nNo s\u00e9 si todos lo sentimos por igual, pero para m\u00ed todo el programa provoc\u00f3 peque\u00f1os \"partos\" a trav\u00e9s de la m\u00fasica y la danza de una manera sin precedentes, no cerebral sino activando la emoci\u00f3n y la conciencia.<\/div>\n                                <h3>\u0391\u03bd\u03b4\u03c1\u03bf\u03bd\u03af\u03ba\u03b7, 60<\/h3>\n                                \n                                <div class=\"the_author\">\n                                        <span class=\"author_role\">C\u00edrculo anual de Neurodanza<\/span>\n                                <\/div>\n\n                        <\/div>                 \n                <\/div>                \n        <\/div>\n        <div class=\"testimonial_listed grid_item col-xs-12\">\n\n                <div class=\"testimonial_listed_wrapper clearfix text-center\">        \n\n\n                        <div class=\"testimonial_listed_text_wrapper\">\n                                <div class=\"testimonial_listed_editorcontent\">La experiencia con la Neurodanza fue extraordinaria e inesperada. Nunca pens\u00e9 que un programa pudiera producir sentimientos tan especiales, as\u00ed como tomas de conciencia para problem\u00e1ticas persistentes y no deseadas en relaci\u00f3n con mis relaciones y conmigo misma.<\/div>\n                                <h3>Katerina, 38, profesora<\/h3>\n                                \n                                <div class=\"the_author\">\n                                        <span class=\"author_role\">C\u00edrculo anual de Neurodanza<\/span>\n                                <\/div>\n\n                        <\/div>                 \n                <\/div>                \n        <\/div>\n        <div class=\"testimonial_listed grid_item col-xs-12\">\n\n                <div class=\"testimonial_listed_wrapper clearfix text-center\">        \n\n\n                        <div class=\"testimonial_listed_text_wrapper\">\n                                <div class=\"testimonial_listed_editorcontent\">Este a\u00f1o observo tener mucha m\u00e1s claridad y tengo m\u00e1s conciencia a nivel diario, es decir, no siempre me dejo absorber por la vida cotidiana, el trabajo y el estr\u00e9s, sino que vuelvo a la conexi\u00f3n con mi SER.<\/div>\n                                <h3>Polyanna, 38, arquitecta y madre<\/h3>\n                                \n                                <div class=\"the_author\">\n                                        <span class=\"author_role\">C\u00edrculo anual de Neurodanza<\/span>\n                                <\/div>\n\n                        <\/div>                 \n                <\/div>                \n        <\/div>\n        <div class=\"testimonial_listed grid_item col-xs-12\">\n\n                <div class=\"testimonial_listed_wrapper clearfix text-center\">        \n\n\n                        <div class=\"testimonial_listed_text_wrapper\">\n                                <div class=\"testimonial_listed_editorcontent\">Me siento llena. He adquirido herramientas y t\u00e9cnicas importantes que puedo utilizar siempre que sea necesario. Estoy feliz de haber conocido a personas que tienen las mismas inquietudes que yo y me siento muy afortunada de haber sido asesorada por Mar\u00eda Santos, pues es una fuente de inspiraci\u00f3n para m\u00ed.<\/div>\n                                <h3>Ioanna, 47, asesora y madre<\/h3>\n                                \n                                <div class=\"the_author\">\n                                        <span class=\"author_role\">C\u00edrculo anual de Neurodanza<\/span>\n                                <\/div>\n\n                        <\/div>                 \n                <\/div>                \n        <\/div>\n        <div class=\"testimonial_listed grid_item col-xs-12\">\n\n                <div class=\"testimonial_listed_wrapper clearfix text-center\">        \n\n\n                        <div class=\"testimonial_listed_text_wrapper\">\n                                <div class=\"testimonial_listed_editorcontent\">Mar\u00eda logra ser, seg\u00fan las necesidades del momento, una mam\u00e1 cari\u00f1osa, un pap\u00e1 estricto, una amiga traviesa, una ni\u00f1a inocente, un cham\u00e1n sabio y una de nosotras.<\/div>\n                                <h3>Magdalena, 36, m\u00e9dico psiquiatra<\/h3>\n                                \n                                <div class=\"the_author\">\n                                        <span class=\"author_role\">C\u00edrculo anual de Neurodanza<\/span>\n                                <\/div>\n\n                        <\/div>                 \n                <\/div>                \n        <\/div>\n        <div class=\"testimonial_listed grid_item col-xs-12\">\n\n                <div class=\"testimonial_listed_wrapper clearfix text-center\">        \n\n\n                        <div class=\"testimonial_listed_text_wrapper\">\n                                <div class=\"testimonial_listed_editorcontent\">Con la Neurodanza, dejando guiar por mi cuerpo, \u00a1me regocijo, tengo paciencia, percibo, me equilibro!<\/div>\n                                <h3>Maria, 54, asesora financiera y madre<\/h3>\n                                \n                                <div class=\"the_author\">\n                                        <span class=\"author_role\">C\u00edrculo anual de Neurodanza<\/span>\n                                <\/div>\n\n                        <\/div>                 \n                <\/div>                \n        <\/div>\n        <div class=\"testimonial_listed grid_item col-xs-12\">\n\n                <div class=\"testimonial_listed_wrapper clearfix text-center\">        \n\n\n                        <div class=\"testimonial_listed_text_wrapper\">\n                                <div class=\"testimonial_listed_editorcontent\">La Neurodanza para m\u00ed es el \"regreso\" a la infancia, al ni\u00f1o peque\u00f1o que hay en m\u00ed. Es la alegr\u00eda de conectar con otras personas, compartir pensamientos y la libertad de sentir tus verdaderas emociones. El cuerpo est\u00e1 conectado con la m\u00fasica y a trav\u00e9s del movimiento llega uno a alcanzar que la mente se centre el verdadera existencia interior y profunda. Con amor.<\/div>\n                                <h3>Polyanna, 40, arquitecta y madre<\/h3>\n                                \n                                <div class=\"the_author\">\n                                        <span class=\"author_role\">C\u00edrculo anual de Neurodanza<\/span>\n                                <\/div>\n\n                        <\/div>                 \n                <\/div>                \n        <\/div>\n        <div class=\"testimonial_listed grid_item col-xs-12\">\n\n                <div class=\"testimonial_listed_wrapper clearfix text-center\">        \n\n\n                        <div class=\"testimonial_listed_text_wrapper\">\n                                <div class=\"testimonial_listed_editorcontent\">Para m\u00ed la Neurodanza fue una liberaci\u00f3n, fue la oportunidad que se me di\u00f3 de hacer vivencia los sentimientos como el amor, la gratitud, la aceptaci\u00f3n en cada c\u00e9lula de mi cuerpo.\nPude ver la luz en mi oscuridad, de cargarme de energ\u00eda, de recordar mi entidad femenina y reorientar mi prop\u00f3sito sin perderme en callejones sin salida. Mar\u00eda, gracias desde lo profundo de mi coraz\u00f3n.<\/div>\n                                <h3>Kyriaki, 38, m\u00e9dico y madre<\/h3>\n                                \n                                <div class=\"the_author\">\n                                        <span class=\"author_role\">C\u00edrculo anual de Neurodanza<\/span>\n                                <\/div>\n\n                        <\/div>                 \n                <\/div>                \n        <\/div>\n\n<\/div><\/div><\/div><\/div><\/div><\/div>\n<\/div>","protected":false},"excerpt":{"rendered":"","protected":false},"author":1,"featured_media":0,"parent":37,"menu_order":0,"comment_status":"closed","ping_status":"open","template":"","meta":{"inline_featured_image":false,"footnotes":""},"class_list":["post-60","page","type-page","status-publish","hentry"],"yoast_head":"<!-- This site is optimized with the Yoast SEO plugin v27.5 - https:\/\/yoast.com\/product\/yoast-seo-wordpress\/ -->\n<title>\u03a4\u03b9 \u03b5\u03af\u03bd\u03b1\u03b9 \u03b7 Neurodanza - Neurodanza<\/title>\n<meta name=\"robots\" content=\"index, follow, max-snippet:-1, max-image-preview:large, max-video-preview:-1\" \/>\n<link rel=\"canonical\" href=\"https:\/\/neurodanza.com\/es\/neurodanza\/ti-einai-i-neurodanza\/\" \/>\n<meta property=\"og:locale\" content=\"es_ES\" \/>\n<meta property=\"og:type\" content=\"article\" \/>\n<meta property=\"og:title\" content=\"\u03a4\u03b9 \u03b5\u03af\u03bd\u03b1\u03b9 \u03b7 Neurodanza - Neurodanza\" \/>\n<meta property=\"og:url\" content=\"https:\/\/neurodanza.com\/es\/neurodanza\/ti-einai-i-neurodanza\/\" \/>\n<meta property=\"og:site_name\" content=\"Neurodanza\" \/>\n<meta property=\"article:publisher\" content=\"https:\/\/www.facebook.com\/neurodanzagreece\/\" \/>\n<meta property=\"article:modified_time\" content=\"2023-11-08T10:31:58+00:00\" \/>\n<meta property=\"og:image\" content=\"https:\/\/neurodanza.com\/wp-content\/uploads\/2022\/08\/limites-1-scaled.jpg\" \/>\n\t<meta property=\"og:image:width\" content=\"1920\" \/>\n\t<meta property=\"og:image:height\" content=\"2560\" \/>\n\t<meta property=\"og:image:type\" content=\"image\/jpeg\" \/>\n<meta name=\"twitter:card\" content=\"summary_large_image\" \/>\n<meta name=\"twitter:label1\" content=\"Tiempo de lectura\" \/>\n\t<meta name=\"twitter:data1\" content=\"3 minutos\" \/>\n<script type=\"application\/ld+json\" class=\"yoast-schema-graph\">{\"@context\":\"https:\\\/\\\/schema.org\",\"@graph\":[{\"@type\":\"WebPage\",\"@id\":\"https:\\\/\\\/neurodanza.com\\\/neurodanza\\\/ti-einai-i-neurodanza\\\/\",\"url\":\"https:\\\/\\\/neurodanza.com\\\/neurodanza\\\/ti-einai-i-neurodanza\\\/\",\"name\":\"\u03a4\u03b9 \u03b5\u03af\u03bd\u03b1\u03b9 \u03b7 Neurodanza - Neurodanza\",\"isPartOf\":{\"@id\":\"https:\\\/\\\/neurodanza.com\\\/#website\"},\"datePublished\":\"2021-09-16T10:48:11+00:00\",\"dateModified\":\"2023-11-08T10:31:58+00:00\",\"breadcrumb\":{\"@id\":\"https:\\\/\\\/neurodanza.com\\\/neurodanza\\\/ti-einai-i-neurodanza\\\/#breadcrumb\"},\"inLanguage\":\"es\",\"potentialAction\":[{\"@type\":\"ReadAction\",\"target\":[\"https:\\\/\\\/neurodanza.com\\\/neurodanza\\\/ti-einai-i-neurodanza\\\/\"]}]},{\"@type\":\"BreadcrumbList\",\"@id\":\"https:\\\/\\\/neurodanza.com\\\/neurodanza\\\/ti-einai-i-neurodanza\\\/#breadcrumb\",\"itemListElement\":[{\"@type\":\"ListItem\",\"position\":1,\"name\":\"\u0391\u03c1\u03c7\u03b9\u03ba\u03ae\",\"item\":\"https:\\\/\\\/neurodanza.com\\\/\"},{\"@type\":\"ListItem\",\"position\":2,\"name\":\"Neurodanza\",\"item\":\"https:\\\/\\\/neurodanza.com\\\/neurodanza\\\/\"},{\"@type\":\"ListItem\",\"position\":3,\"name\":\"\u03a4\u03b9 \u03b5\u03af\u03bd\u03b1\u03b9 \u03b7 Neurodanza\"}]},{\"@type\":\"WebSite\",\"@id\":\"https:\\\/\\\/neurodanza.com\\\/#website\",\"url\":\"https:\\\/\\\/neurodanza.com\\\/\",\"name\":\"Neurodanza\",\"description\":\"\",\"publisher\":{\"@id\":\"https:\\\/\\\/neurodanza.com\\\/#\\\/schema\\\/person\\\/423d5326ec39750076bbebeac6f0c056\"},\"potentialAction\":[{\"@type\":\"SearchAction\",\"target\":{\"@type\":\"EntryPoint\",\"urlTemplate\":\"https:\\\/\\\/neurodanza.com\\\/?s={search_term_string}\"},\"query-input\":{\"@type\":\"PropertyValueSpecification\",\"valueRequired\":true,\"valueName\":\"search_term_string\"}}],\"inLanguage\":\"es\"},{\"@type\":[\"Person\",\"Organization\"],\"@id\":\"https:\\\/\\\/neurodanza.com\\\/#\\\/schema\\\/person\\\/423d5326ec39750076bbebeac6f0c056\",\"name\":\"Maria\",\"image\":{\"@type\":\"ImageObject\",\"inLanguage\":\"es\",\"@id\":\"https:\\\/\\\/neurodanza.com\\\/wp-content\\\/uploads\\\/2021\\\/09\\\/neurodanza-greece-logo.svg\",\"url\":\"https:\\\/\\\/neurodanza.com\\\/wp-content\\\/uploads\\\/2021\\\/09\\\/neurodanza-greece-logo.svg\",\"contentUrl\":\"https:\\\/\\\/neurodanza.com\\\/wp-content\\\/uploads\\\/2021\\\/09\\\/neurodanza-greece-logo.svg\",\"width\":292,\"height\":68,\"caption\":\"Maria\"},\"logo\":{\"@id\":\"https:\\\/\\\/neurodanza.com\\\/wp-content\\\/uploads\\\/2021\\\/09\\\/neurodanza-greece-logo.svg\"},\"sameAs\":[\"https:\\\/\\\/www.facebook.com\\\/neurodanzagreece\\\/\",\"https:\\\/\\\/www.instagram.com\\\/neurodanzagreece\\\/\"]}]}<\/script>\n<!-- \/ Yoast SEO plugin. -->","yoast_head_json":{"title":"\u03a4\u03b9 \u03b5\u03af\u03bd\u03b1\u03b9 \u03b7 Neurodanza - Neurodanza","robots":{"index":"index","follow":"follow","max-snippet":"max-snippet:-1","max-image-preview":"max-image-preview:large","max-video-preview":"max-video-preview:-1"},"canonical":"https:\/\/neurodanza.com\/es\/neurodanza\/ti-einai-i-neurodanza\/","og_locale":"es_ES","og_type":"article","og_title":"\u03a4\u03b9 \u03b5\u03af\u03bd\u03b1\u03b9 \u03b7 Neurodanza - Neurodanza","og_url":"https:\/\/neurodanza.com\/es\/neurodanza\/ti-einai-i-neurodanza\/","og_site_name":"Neurodanza","article_publisher":"https:\/\/www.facebook.com\/neurodanzagreece\/","article_modified_time":"2023-11-08T10:31:58+00:00","og_image":[{"width":1920,"height":2560,"url":"https:\/\/neurodanza.com\/wp-content\/uploads\/2022\/08\/limites-1-scaled.jpg","type":"image\/jpeg"}],"twitter_card":"summary_large_image","twitter_misc":{"Tiempo de lectura":"3 minutos"},"schema":{"@context":"https:\/\/schema.org","@graph":[{"@type":"WebPage","@id":"https:\/\/neurodanza.com\/neurodanza\/ti-einai-i-neurodanza\/","url":"https:\/\/neurodanza.com\/neurodanza\/ti-einai-i-neurodanza\/","name":"\u03a4\u03b9 \u03b5\u03af\u03bd\u03b1\u03b9 \u03b7 Neurodanza - Neurodanza","isPartOf":{"@id":"https:\/\/neurodanza.com\/#website"},"datePublished":"2021-09-16T10:48:11+00:00","dateModified":"2023-11-08T10:31:58+00:00","breadcrumb":{"@id":"https:\/\/neurodanza.com\/neurodanza\/ti-einai-i-neurodanza\/#breadcrumb"},"inLanguage":"es","potentialAction":[{"@type":"ReadAction","target":["https:\/\/neurodanza.com\/neurodanza\/ti-einai-i-neurodanza\/"]}]},{"@type":"BreadcrumbList","@id":"https:\/\/neurodanza.com\/neurodanza\/ti-einai-i-neurodanza\/#breadcrumb","itemListElement":[{"@type":"ListItem","position":1,"name":"\u0391\u03c1\u03c7\u03b9\u03ba\u03ae","item":"https:\/\/neurodanza.com\/"},{"@type":"ListItem","position":2,"name":"Neurodanza","item":"https:\/\/neurodanza.com\/neurodanza\/"},{"@type":"ListItem","position":3,"name":"\u03a4\u03b9 \u03b5\u03af\u03bd\u03b1\u03b9 \u03b7 Neurodanza"}]},{"@type":"WebSite","@id":"https:\/\/neurodanza.com\/#website","url":"https:\/\/neurodanza.com\/","name":"Neurodanza","description":"","publisher":{"@id":"https:\/\/neurodanza.com\/#\/schema\/person\/423d5326ec39750076bbebeac6f0c056"},"potentialAction":[{"@type":"SearchAction","target":{"@type":"EntryPoint","urlTemplate":"https:\/\/neurodanza.com\/?s={search_term_string}"},"query-input":{"@type":"PropertyValueSpecification","valueRequired":true,"valueName":"search_term_string"}}],"inLanguage":"es"},{"@type":["Person","Organization"],"@id":"https:\/\/neurodanza.com\/#\/schema\/person\/423d5326ec39750076bbebeac6f0c056","name":"Maria","image":{"@type":"ImageObject","inLanguage":"es","@id":"https:\/\/neurodanza.com\/wp-content\/uploads\/2021\/09\/neurodanza-greece-logo.svg","url":"https:\/\/neurodanza.com\/wp-content\/uploads\/2021\/09\/neurodanza-greece-logo.svg","contentUrl":"https:\/\/neurodanza.com\/wp-content\/uploads\/2021\/09\/neurodanza-greece-logo.svg","width":292,"height":68,"caption":"Maria"},"logo":{"@id":"https:\/\/neurodanza.com\/wp-content\/uploads\/2021\/09\/neurodanza-greece-logo.svg"},"sameAs":["https:\/\/www.facebook.com\/neurodanzagreece\/","https:\/\/www.instagram.com\/neurodanzagreece\/"]}]}},"_links":{"self":[{"href":"https:\/\/neurodanza.com\/es\/wp-json\/wp\/v2\/pages\/60","targetHints":{"allow":["GET"]}}],"collection":[{"href":"https:\/\/neurodanza.com\/es\/wp-json\/wp\/v2\/pages"}],"about":[{"href":"https:\/\/neurodanza.com\/es\/wp-json\/wp\/v2\/types\/page"}],"author":[{"embeddable":true,"href":"https:\/\/neurodanza.com\/es\/wp-json\/wp\/v2\/users\/1"}],"replies":[{"embeddable":true,"href":"https:\/\/neurodanza.com\/es\/wp-json\/wp\/v2\/comments?post=60"}],"version-history":[{"count":5,"href":"https:\/\/neurodanza.com\/es\/wp-json\/wp\/v2\/pages\/60\/revisions"}],"predecessor-version":[{"id":1693,"href":"https:\/\/neurodanza.com\/es\/wp-json\/wp\/v2\/pages\/60\/revisions\/1693"}],"up":[{"embeddable":true,"href":"https:\/\/neurodanza.com\/es\/wp-json\/wp\/v2\/pages\/37"}],"wp:attachment":[{"href":"https:\/\/neurodanza.com\/es\/wp-json\/wp\/v2\/media?parent=60"}],"curies":[{"name":"wp","href":"https:\/\/api.w.org\/{rel}","templated":true}]}}